{"version":"1.0","provider_name":"CEAB","provider_url":"https:\/\/www.ceab.csic.es\/es\/","title":"Noem\u00ed Guillem Planella | CEAB","type":"rich","width":600,"height":338,"html":"<blockquote class=\"wp-embedded-content\" data-secret=\"U3wnieOewu\"><a href=\"https:\/\/www.ceab.csic.es\/es\/personal\/noemi-guillem-planella\/\">Noem\u00ed Guillem Planella<\/a><\/blockquote><iframe sandbox=\"allow-scripts\" security=\"restricted\" src=\"https:\/\/www.ceab.csic.es\/es\/personal\/noemi-guillem-planella\/embed\/#?secret=U3wnieOewu\" width=\"600\" height=\"338\" title=\"\u00abNoem\u00ed Guillem Planella\u00bb \u2014 CEAB\" data-secret=\"U3wnieOewu\" frameborder=\"0\" marginwidth=\"0\" marginheight=\"0\" scrolling=\"no\" class=\"wp-embedded-content\"><\/iframe><script>\n\/*! This file is auto-generated *\/\n!function(d,l){\"use strict\";l.querySelector&&d.addEventListener&&\"undefined\"!=typeof URL&&(d.wp=d.wp||{},d.wp.receiveEmbedMessage||(d.wp.receiveEmbedMessage=function(e){var t=e.data;if((t||t.secret||t.message||t.value)&&!\/[^a-zA-Z0-9]\/.test(t.secret)){for(var s,r,n,a=l.querySelectorAll('iframe[data-secret=\"'+t.secret+'\"]'),o=l.querySelectorAll('blockquote[data-secret=\"'+t.secret+'\"]'),c=new RegExp(\"^https?:$\",\"i\"),i=0;i<o.length;i++)o[i].style.display=\"none\";for(i=0;i<a.length;i++)s=a[i],e.source===s.contentWindow&&(s.removeAttribute(\"style\"),\"height\"===t.message?(1e3<(r=parseInt(t.value,10))?r=1e3:~~r<200&&(r=200),s.height=r):\"link\"===t.message&&(r=new URL(s.getAttribute(\"src\")),n=new URL(t.value),c.test(n.protocol))&&n.host===r.host&&l.activeElement===s&&(d.top.location.href=t.value))}},d.addEventListener(\"message\",d.wp.receiveEmbedMessage,!1),l.addEventListener(\"DOMContentLoaded\",function(){for(var e,t,s=l.querySelectorAll(\"iframe.wp-embedded-content\"),r=0;r<s.length;r++)(t=(e=s[r]).getAttribute(\"data-secret\"))||(t=Math.random().toString(36).substring(2,12),e.src+=\"#?secret=\"+t,e.setAttribute(\"data-secret\",t)),e.contentWindow.postMessage({message:\"ready\",secret:t},\"*\")},!1)))}(window,document);\n<\/script>\n","thumbnail_url":"https:\/\/www.ceab.csic.es\/wp-content\/uploads\/2024\/05\/fotgrafia-noemi-guillem.jpg","thumbnail_width":426,"thumbnail_height":562,"description":"Soy licenciada en Periodismo y he desarrollado la mitad de mi trayectoria profesional en varios medios de comunicaci\u00f3n, principalmente en la televisi\u00f3n p\u00fablica catalana, en el departamento de Informativos. La otra mitad de mi carrera ha estado en el \u00e1mbito de la comunicaci\u00f3n institucional, encarg\u00e1ndome de los trabajos de comunicaci\u00f3n y divulgaci\u00f3n del Organismo de&hellip;&nbsp;"}