{"id":9824,"date":"2018-10-15T07:42:51","date_gmt":"2018-10-15T05:42:51","guid":{"rendered":"https:\/\/www.ceab.csic.es\/personal\/guasch-padro-helena\/"},"modified":"2026-03-30T12:57:36","modified_gmt":"2026-03-30T10:57:36","slug":"guasch-padro-helena","status":"publish","type":"personal","link":"https:\/\/www.ceab.csic.es\/es\/personal\/guasch-padro-helena\/","title":{"rendered":"Helena Guasch Padr\u00f3"},"content":{"rendered":"<p>Cient\u00edfica titular del CEAB desde agosto de 2018, estuve m\u00e1s de 15 a\u00f1os en la Universidad de Girona impartiendo clases en el Departamento de Ciencias Ambientales y realizando investigaci\u00f3n en el Instituto de Ecolog\u00eda Acu\u00e1tica. Empec\u00e9 mi carrera investigadora estudiando la producci\u00f3n primaria en r\u00edos Mediterr\u00e1neos de cabecera, tem\u00e1tica que ampli\u00e9 abordando los efectos de la actividad humana sobre la ecolog\u00eda fluvial. En este contexto, mi grupo de investigaci\u00f3n ha estado buscando indicadores biol\u00f3gicos de diferentes tipos de impacto y de exposici\u00f3n a los contaminantes: biomarcadores moleculares de estr\u00e9s, bioindicadores y funciones del ecosistema, entre otros. Evaluamos los efectos ecol\u00f3gicos de la contaminaci\u00f3n en estudios experimentales a escala de laboratorio utilizando microcosmos, en r\u00edos artificiales, en experimentos de campo y en estudios de tipo observacional realizados a escala de cuenca fluvial. En cuanto al desarrollo de nuevas metodolog\u00edas de estudio, nos hemos especializado en la ecotoxic\u00f3mica como herramienta para mejorar nuestra comprensi\u00f3n sobre las relaciones rec\u00edprocas entre las alteraciones humanas y el papel que juegan las comunidades microbianas en la mejora de la calidad del agua y la salud de los ecosistemas. Recientemente, el foco de nuestra investigaci\u00f3n abre un poco m\u00e1s su alcance considerando los principios del desarrollo sostenible. Incluimos aspectos econ\u00f3micos y sociales para abordar nuevos retos en la ecolog\u00eda de la conservaci\u00f3n. La investigaci\u00f3n que lidero actualmente tiene como principal objetivo la creaci\u00f3n y validaci\u00f3n de protocoles para la reducci\u00f3n de la contaminaci\u00f3n por pl\u00e1sticos en ecosistemas de monta\u00f1a y el conocimiento de los v\u00ednculos entre comunidades microbianas y la \u00abpasticosfera\u00bb. Tambi\u00e9n estoy muy interesada en la comprensi\u00f3n de las causas, y la mitigaci\u00f3n de los efectos de la contaminaci\u00f3n por nutrientes en r\u00edos Mediterr\u00e1neos, un problema ambiental antiguo, pero de gran vigencia en el contexto del cambio global.<\/p>\n<p><a href=\"https:\/\/www.ceab.csic.es\/wp-content\/uploads\/2018\/10\/PUBLICACIONES-guasch-et-al.pdf\">PUBLICACIONES Guasch et al<\/a><\/p>\n","protected":false},"featured_media":7427,"parent":0,"menu_order":0,"template":"","meta":{"_acf_changed":false,"neve_meta_sidebar":"","neve_meta_container":"","neve_meta_enable_content_width":"","neve_meta_content_width":0,"neve_meta_title_alignment":"","neve_meta_author_avatar":"","neve_post_elements_order":"","neve_meta_disable_header":"","neve_meta_disable_footer":"","neve_meta_disable_title":""},"departament":[353],"grup-de-recerca":[1206],"tipus-de-personal":[427,429],"class_list":["post-9824","personal","type-personal","status-publish","has-post-thumbnail","hentry","departament-ecologia-acuatica-continental-es","grup-de-recerca-ecologia-integrativa-de-aguas-continentales","tipus-de-personal-personal-de-investigacion-cientifica","tipus-de-personal-personal-investigador-consolidado"],"acf":[],"yoast_head":"<!-- This site is optimized with the Yoast SEO plugin v24.6 - https:\/\/yoast.com\/wordpress\/plugins\/seo\/ -->\n<title>Helena Guasch Padr\u00f3 | CEAB<\/title>\n<meta name=\"robots\" content=\"index, follow, max-snippet:-1, max-image-preview:large, max-video-preview:-1\" \/>\n<link rel=\"canonical\" href=\"https:\/\/www.ceab.csic.es\/es\/personal\/guasch-padro-helena\/\" \/>\n<meta property=\"og:locale\" content=\"es_ES\" \/>\n<meta property=\"og:type\" content=\"article\" \/>\n<meta property=\"og:title\" content=\"Helena Guasch Padr\u00f3 | CEAB\" \/>\n<meta property=\"og:description\" content=\"Cient\u00edfica titular del CEAB desde agosto de 2018, estuve m\u00e1s de 15 a\u00f1os en la Universidad de Girona impartiendo clases en el Departamento de Ciencias Ambientales y realizando investigaci\u00f3n en el Instituto de Ecolog\u00eda Acu\u00e1tica. Empec\u00e9 mi carrera investigadora estudiando la producci\u00f3n primaria en r\u00edos Mediterr\u00e1neos de cabecera, tem\u00e1tica que ampli\u00e9 abordando los efectos de&hellip;&nbsp;Helena Guasch Padr\u00f3\" \/>\n<meta property=\"og:url\" content=\"https:\/\/www.ceab.csic.es\/es\/personal\/guasch-padro-helena\/\" \/>\n<meta property=\"og:site_name\" content=\"CEAB\" \/>\n<meta property=\"article:modified_time\" content=\"2026-03-30T10:57:36+00:00\" \/>\n<meta property=\"og:image\" content=\"https:\/\/www.ceab.csic.es\/wp-content\/uploads\/2024\/04\/helena-guasch-padro.jpg\" \/>\n\t<meta property=\"og:image:width\" content=\"319\" \/>\n\t<meta property=\"og:image:height\" content=\"295\" \/>\n\t<meta property=\"og:image:type\" content=\"image\/jpeg\" \/>\n<meta name=\"twitter:card\" content=\"summary_large_image\" \/>\n<meta name=\"twitter:site\" content=\"@ceabcsic\" \/>\n<meta name=\"twitter:label1\" content=\"Tiempo de lectura\" \/>\n\t<meta name=\"twitter:data1\" content=\"2 minutos\" \/>\n<script type=\"application\/ld+json\" class=\"yoast-schema-graph\">{\"@context\":\"https:\/\/schema.org\",\"@graph\":[{\"@type\":\"WebPage\",\"@id\":\"https:\/\/www.ceab.csic.es\/es\/personal\/guasch-padro-helena\/\",\"url\":\"https:\/\/www.ceab.csic.es\/es\/personal\/guasch-padro-helena\/\",\"name\":\"Helena Guasch Padr\u00f3 | CEAB\",\"isPartOf\":{\"@id\":\"https:\/\/www.ceab.csic.es\/es\/#website\"},\"primaryImageOfPage\":{\"@id\":\"https:\/\/www.ceab.csic.es\/es\/personal\/guasch-padro-helena\/#primaryimage\"},\"image\":{\"@id\":\"https:\/\/www.ceab.csic.es\/es\/personal\/guasch-padro-helena\/#primaryimage\"},\"thumbnailUrl\":\"https:\/\/www.ceab.csic.es\/wp-content\/uploads\/2024\/04\/helena-guasch-padro.jpg\",\"datePublished\":\"2018-10-15T05:42:51+00:00\",\"dateModified\":\"2026-03-30T10:57:36+00:00\",\"breadcrumb\":{\"@id\":\"https:\/\/www.ceab.csic.es\/es\/personal\/guasch-padro-helena\/#breadcrumb\"},\"inLanguage\":\"es\",\"potentialAction\":[{\"@type\":\"ReadAction\",\"target\":[\"https:\/\/www.ceab.csic.es\/es\/personal\/guasch-padro-helena\/\"]}]},{\"@type\":\"ImageObject\",\"inLanguage\":\"es\",\"@id\":\"https:\/\/www.ceab.csic.es\/es\/personal\/guasch-padro-helena\/#primaryimage\",\"url\":\"https:\/\/www.ceab.csic.es\/wp-content\/uploads\/2024\/04\/helena-guasch-padro.jpg\",\"contentUrl\":\"https:\/\/www.ceab.csic.es\/wp-content\/uploads\/2024\/04\/helena-guasch-padro.jpg\",\"width\":319,\"height\":295},{\"@type\":\"BreadcrumbList\",\"@id\":\"https:\/\/www.ceab.csic.es\/es\/personal\/guasch-padro-helena\/#breadcrumb\",\"itemListElement\":[{\"@type\":\"ListItem\",\"position\":1,\"name\":\"Inici\",\"item\":\"https:\/\/www.ceab.csic.es\/es\/\"},{\"@type\":\"ListItem\",\"position\":2,\"name\":\"Helena Guasch Padr\u00f3\"}]},{\"@type\":\"WebSite\",\"@id\":\"https:\/\/www.ceab.csic.es\/es\/#website\",\"url\":\"https:\/\/www.ceab.csic.es\/es\/\",\"name\":\"CEAB\",\"description\":\"Centre Estudis Avan\u00e7ats de Blanes\",\"alternateName\":\"CEAB\",\"potentialAction\":[{\"@type\":\"SearchAction\",\"target\":{\"@type\":\"EntryPoint\",\"urlTemplate\":\"https:\/\/www.ceab.csic.es\/es\/?s={search_term_string}\"},\"query-input\":{\"@type\":\"PropertyValueSpecification\",\"valueRequired\":true,\"valueName\":\"search_term_string\"}}],\"inLanguage\":\"es\"}]}<\/script>\n<!-- \/ Yoast SEO plugin. -->","yoast_head_json":{"title":"Helena Guasch Padr\u00f3 | CEAB","robots":{"index":"index","follow":"follow","max-snippet":"max-snippet:-1","max-image-preview":"max-image-preview:large","max-video-preview":"max-video-preview:-1"},"canonical":"https:\/\/www.ceab.csic.es\/es\/personal\/guasch-padro-helena\/","og_locale":"es_ES","og_type":"article","og_title":"Helena Guasch Padr\u00f3 | CEAB","og_description":"Cient\u00edfica titular del CEAB desde agosto de 2018, estuve m\u00e1s de 15 a\u00f1os en la Universidad de Girona impartiendo clases en el Departamento de Ciencias Ambientales y realizando investigaci\u00f3n en el Instituto de Ecolog\u00eda Acu\u00e1tica. Empec\u00e9 mi carrera investigadora estudiando la producci\u00f3n primaria en r\u00edos Mediterr\u00e1neos de cabecera, tem\u00e1tica que ampli\u00e9 abordando los efectos de&hellip;&nbsp;Helena Guasch Padr\u00f3","og_url":"https:\/\/www.ceab.csic.es\/es\/personal\/guasch-padro-helena\/","og_site_name":"CEAB","article_modified_time":"2026-03-30T10:57:36+00:00","og_image":[{"width":319,"height":295,"url":"https:\/\/www.ceab.csic.es\/wp-content\/uploads\/2024\/04\/helena-guasch-padro.jpg","type":"image\/jpeg"}],"twitter_card":"summary_large_image","twitter_site":"@ceabcsic","twitter_misc":{"Tiempo de lectura":"2 minutos"},"schema":{"@context":"https:\/\/schema.org","@graph":[{"@type":"WebPage","@id":"https:\/\/www.ceab.csic.es\/es\/personal\/guasch-padro-helena\/","url":"https:\/\/www.ceab.csic.es\/es\/personal\/guasch-padro-helena\/","name":"Helena Guasch Padr\u00f3 | CEAB","isPartOf":{"@id":"https:\/\/www.ceab.csic.es\/es\/#website"},"primaryImageOfPage":{"@id":"https:\/\/www.ceab.csic.es\/es\/personal\/guasch-padro-helena\/#primaryimage"},"image":{"@id":"https:\/\/www.ceab.csic.es\/es\/personal\/guasch-padro-helena\/#primaryimage"},"thumbnailUrl":"https:\/\/www.ceab.csic.es\/wp-content\/uploads\/2024\/04\/helena-guasch-padro.jpg","datePublished":"2018-10-15T05:42:51+00:00","dateModified":"2026-03-30T10:57:36+00:00","breadcrumb":{"@id":"https:\/\/www.ceab.csic.es\/es\/personal\/guasch-padro-helena\/#breadcrumb"},"inLanguage":"es","potentialAction":[{"@type":"ReadAction","target":["https:\/\/www.ceab.csic.es\/es\/personal\/guasch-padro-helena\/"]}]},{"@type":"ImageObject","inLanguage":"es","@id":"https:\/\/www.ceab.csic.es\/es\/personal\/guasch-padro-helena\/#primaryimage","url":"https:\/\/www.ceab.csic.es\/wp-content\/uploads\/2024\/04\/helena-guasch-padro.jpg","contentUrl":"https:\/\/www.ceab.csic.es\/wp-content\/uploads\/2024\/04\/helena-guasch-padro.jpg","width":319,"height":295},{"@type":"BreadcrumbList","@id":"https:\/\/www.ceab.csic.es\/es\/personal\/guasch-padro-helena\/#breadcrumb","itemListElement":[{"@type":"ListItem","position":1,"name":"Inici","item":"https:\/\/www.ceab.csic.es\/es\/"},{"@type":"ListItem","position":2,"name":"Helena Guasch Padr\u00f3"}]},{"@type":"WebSite","@id":"https:\/\/www.ceab.csic.es\/es\/#website","url":"https:\/\/www.ceab.csic.es\/es\/","name":"CEAB","description":"Centre Estudis Avan\u00e7ats de Blanes","alternateName":"CEAB","potentialAction":[{"@type":"SearchAction","target":{"@type":"EntryPoint","urlTemplate":"https:\/\/www.ceab.csic.es\/es\/?s={search_term_string}"},"query-input":{"@type":"PropertyValueSpecification","valueRequired":true,"valueName":"search_term_string"}}],"inLanguage":"es"}]}},"_links":{"self":[{"href":"https:\/\/www.ceab.csic.es\/es\/wp-json\/wp\/v2\/personal\/9824","targetHints":{"allow":["GET"]}}],"collection":[{"href":"https:\/\/www.ceab.csic.es\/es\/wp-json\/wp\/v2\/personal"}],"about":[{"href":"https:\/\/www.ceab.csic.es\/es\/wp-json\/wp\/v2\/types\/personal"}],"wp:featuredmedia":[{"embeddable":true,"href":"https:\/\/www.ceab.csic.es\/es\/wp-json\/wp\/v2\/media\/7427"}],"wp:attachment":[{"href":"https:\/\/www.ceab.csic.es\/es\/wp-json\/wp\/v2\/media?parent=9824"}],"wp:term":[{"taxonomy":"departament","embeddable":true,"href":"https:\/\/www.ceab.csic.es\/es\/wp-json\/wp\/v2\/departament?post=9824"},{"taxonomy":"grup-de-recerca","embeddable":true,"href":"https:\/\/www.ceab.csic.es\/es\/wp-json\/wp\/v2\/grup-de-recerca?post=9824"},{"taxonomy":"tipus-de-personal","embeddable":true,"href":"https:\/\/www.ceab.csic.es\/es\/wp-json\/wp\/v2\/tipus-de-personal?post=9824"}],"curies":[{"name":"wp","href":"https:\/\/api.w.org\/{rel}","templated":true}]}}