{"id":9825,"date":"2018-10-17T08:45:40","date_gmt":"2018-10-17T06:45:40","guid":{"rendered":"https:\/\/www.ceab.csic.es\/personal\/marco-mendez-candela\/"},"modified":"2024-04-23T16:09:25","modified_gmt":"2024-04-23T14:09:25","slug":"marco-mendez-candela","status":"publish","type":"personal","link":"https:\/\/www.ceab.csic.es\/es\/personal\/marco-mendez-candela\/","title":{"rendered":"Candela Marco-M\u00e9ndez"},"content":{"rendered":"<p>Licenciada en Ciencias del mar en la Universidad de Vigo (2007). Realiz\u00f3 su tesis doctoral en la Universidad de Alicante titulada: \u00abFactors driving herbivores preferences and consumption rates across differents macrophytes ecosystems\u00bb (2015). Ha colaborado y realizado varias estancias en el Dauphin Island Sea lab (Alabama, USA) con Kenneth Heck y Just Cebri\u00e1n. Actualmente trabaja en el Centro de Estudios Avanzados de Blanes (CEAB) con Teresa Alcoverro Pedrola.<br \/>\nSus l\u00edneas de investigaci\u00f3n est\u00e1n relacionadas con las interacciones en ecosistemas de macr\u00f3fitos acu\u00e1ticos, Ecolog\u00eda marina, herbivor\u00eda, impactos antropog\u00e9nicos en praderas de faner\u00f3gamas marinas del Mediterr\u00e1neo (Posidonia oce\u00e1nica, Cymodocea nodosa) y del Golfo de M\u00e9jico (Thalassia testudinum, Halodule wrightii y otras especies), tropicalizaci\u00f3n, carbono azul, paleoecolog\u00eda y el cambio clim\u00e1tico.<\/p>\n","protected":false},"featured_media":7673,"parent":0,"menu_order":0,"template":"","meta":{"_acf_changed":false,"neve_meta_sidebar":"","neve_meta_container":"","neve_meta_enable_content_width":"","neve_meta_content_width":0,"neve_meta_title_alignment":"","neve_meta_author_avatar":"","neve_post_elements_order":"","neve_meta_disable_header":"","neve_meta_disable_footer":"","neve_meta_disable_title":""},"departament":[362],"grup-de-recerca":[1223],"tipus-de-personal":[427,280,433],"class_list":["post-9825","personal","type-personal","status-publish","has-post-thumbnail","hentry","departament-ecologia-marina-es","grup-de-recerca-funcionamiento-de-los-ecosistemas-bentonicos","tipus-de-personal-personal-de-investigacion-cientifica","tipus-de-personal-personal-investigador-postdoctoral","tipus-de-personal-personal-investigador-postdoctoral-es"],"acf":[],"yoast_head":"<!-- This site is optimized with the Yoast SEO plugin v24.6 - https:\/\/yoast.com\/wordpress\/plugins\/seo\/ -->\n<title>Candela Marco-M\u00e9ndez | CEAB<\/title>\n<meta name=\"robots\" content=\"index, follow, max-snippet:-1, max-image-preview:large, max-video-preview:-1\" \/>\n<link rel=\"canonical\" href=\"https:\/\/www.ceab.csic.es\/es\/personal\/marco-mendez-candela\/\" \/>\n<meta property=\"og:locale\" content=\"es_ES\" \/>\n<meta property=\"og:type\" content=\"article\" \/>\n<meta property=\"og:title\" content=\"Candela Marco-M\u00e9ndez | CEAB\" \/>\n<meta property=\"og:description\" content=\"Licenciada en Ciencias del mar en la Universidad de Vigo (2007). Realiz\u00f3 su tesis doctoral en la Universidad de Alicante titulada: \u00abFactors driving herbivores preferences and consumption rates across differents macrophytes ecosystems\u00bb (2015). Ha colaborado y realizado varias estancias en el Dauphin Island Sea lab (Alabama, USA) con Kenneth Heck y Just Cebri\u00e1n. Actualmente trabaja&hellip;&nbsp;Candela Marco-M\u00e9ndez\" \/>\n<meta property=\"og:url\" content=\"https:\/\/www.ceab.csic.es\/es\/personal\/marco-mendez-candela\/\" \/>\n<meta property=\"og:site_name\" content=\"CEAB\" \/>\n<meta property=\"article:modified_time\" content=\"2024-04-23T14:09:25+00:00\" \/>\n<meta property=\"og:image\" content=\"https:\/\/www.ceab.csic.es\/wp-content\/uploads\/2024\/04\/Marco-320x320-1.jpg\" \/>\n\t<meta property=\"og:image:width\" content=\"320\" \/>\n\t<meta property=\"og:image:height\" content=\"320\" \/>\n\t<meta property=\"og:image:type\" content=\"image\/jpeg\" \/>\n<meta name=\"twitter:card\" content=\"summary_large_image\" \/>\n<meta name=\"twitter:site\" content=\"@ceabcsic\" \/>\n<meta name=\"twitter:label1\" content=\"Tiempo de lectura\" \/>\n\t<meta name=\"twitter:data1\" content=\"1 minuto\" \/>\n<script type=\"application\/ld+json\" class=\"yoast-schema-graph\">{\"@context\":\"https:\/\/schema.org\",\"@graph\":[{\"@type\":\"WebPage\",\"@id\":\"https:\/\/www.ceab.csic.es\/es\/personal\/marco-mendez-candela\/\",\"url\":\"https:\/\/www.ceab.csic.es\/es\/personal\/marco-mendez-candela\/\",\"name\":\"Candela Marco-M\u00e9ndez | CEAB\",\"isPartOf\":{\"@id\":\"https:\/\/www.ceab.csic.es\/es\/#website\"},\"primaryImageOfPage\":{\"@id\":\"https:\/\/www.ceab.csic.es\/es\/personal\/marco-mendez-candela\/#primaryimage\"},\"image\":{\"@id\":\"https:\/\/www.ceab.csic.es\/es\/personal\/marco-mendez-candela\/#primaryimage\"},\"thumbnailUrl\":\"https:\/\/www.ceab.csic.es\/wp-content\/uploads\/2024\/04\/Marco-320x320-1.jpg\",\"datePublished\":\"2018-10-17T06:45:40+00:00\",\"dateModified\":\"2024-04-23T14:09:25+00:00\",\"breadcrumb\":{\"@id\":\"https:\/\/www.ceab.csic.es\/es\/personal\/marco-mendez-candela\/#breadcrumb\"},\"inLanguage\":\"es\",\"potentialAction\":[{\"@type\":\"ReadAction\",\"target\":[\"https:\/\/www.ceab.csic.es\/es\/personal\/marco-mendez-candela\/\"]}]},{\"@type\":\"ImageObject\",\"inLanguage\":\"es\",\"@id\":\"https:\/\/www.ceab.csic.es\/es\/personal\/marco-mendez-candela\/#primaryimage\",\"url\":\"https:\/\/www.ceab.csic.es\/wp-content\/uploads\/2024\/04\/Marco-320x320-1.jpg\",\"contentUrl\":\"https:\/\/www.ceab.csic.es\/wp-content\/uploads\/2024\/04\/Marco-320x320-1.jpg\",\"width\":320,\"height\":320},{\"@type\":\"BreadcrumbList\",\"@id\":\"https:\/\/www.ceab.csic.es\/es\/personal\/marco-mendez-candela\/#breadcrumb\",\"itemListElement\":[{\"@type\":\"ListItem\",\"position\":1,\"name\":\"Inici\",\"item\":\"https:\/\/www.ceab.csic.es\/es\/\"},{\"@type\":\"ListItem\",\"position\":2,\"name\":\"Candela Marco-M\u00e9ndez\"}]},{\"@type\":\"WebSite\",\"@id\":\"https:\/\/www.ceab.csic.es\/es\/#website\",\"url\":\"https:\/\/www.ceab.csic.es\/es\/\",\"name\":\"CEAB\",\"description\":\"Centre Estudis Avan\u00e7ats de Blanes\",\"alternateName\":\"CEAB\",\"potentialAction\":[{\"@type\":\"SearchAction\",\"target\":{\"@type\":\"EntryPoint\",\"urlTemplate\":\"https:\/\/www.ceab.csic.es\/es\/?s={search_term_string}\"},\"query-input\":{\"@type\":\"PropertyValueSpecification\",\"valueRequired\":true,\"valueName\":\"search_term_string\"}}],\"inLanguage\":\"es\"}]}<\/script>\n<!-- \/ Yoast SEO plugin. -->","yoast_head_json":{"title":"Candela Marco-M\u00e9ndez | CEAB","robots":{"index":"index","follow":"follow","max-snippet":"max-snippet:-1","max-image-preview":"max-image-preview:large","max-video-preview":"max-video-preview:-1"},"canonical":"https:\/\/www.ceab.csic.es\/es\/personal\/marco-mendez-candela\/","og_locale":"es_ES","og_type":"article","og_title":"Candela Marco-M\u00e9ndez | CEAB","og_description":"Licenciada en Ciencias del mar en la Universidad de Vigo (2007). Realiz\u00f3 su tesis doctoral en la Universidad de Alicante titulada: \u00abFactors driving herbivores preferences and consumption rates across differents macrophytes ecosystems\u00bb (2015). Ha colaborado y realizado varias estancias en el Dauphin Island Sea lab (Alabama, USA) con Kenneth Heck y Just Cebri\u00e1n. Actualmente trabaja&hellip;&nbsp;Candela Marco-M\u00e9ndez","og_url":"https:\/\/www.ceab.csic.es\/es\/personal\/marco-mendez-candela\/","og_site_name":"CEAB","article_modified_time":"2024-04-23T14:09:25+00:00","og_image":[{"width":320,"height":320,"url":"https:\/\/www.ceab.csic.es\/wp-content\/uploads\/2024\/04\/Marco-320x320-1.jpg","type":"image\/jpeg"}],"twitter_card":"summary_large_image","twitter_site":"@ceabcsic","twitter_misc":{"Tiempo de lectura":"1 minuto"},"schema":{"@context":"https:\/\/schema.org","@graph":[{"@type":"WebPage","@id":"https:\/\/www.ceab.csic.es\/es\/personal\/marco-mendez-candela\/","url":"https:\/\/www.ceab.csic.es\/es\/personal\/marco-mendez-candela\/","name":"Candela Marco-M\u00e9ndez | CEAB","isPartOf":{"@id":"https:\/\/www.ceab.csic.es\/es\/#website"},"primaryImageOfPage":{"@id":"https:\/\/www.ceab.csic.es\/es\/personal\/marco-mendez-candela\/#primaryimage"},"image":{"@id":"https:\/\/www.ceab.csic.es\/es\/personal\/marco-mendez-candela\/#primaryimage"},"thumbnailUrl":"https:\/\/www.ceab.csic.es\/wp-content\/uploads\/2024\/04\/Marco-320x320-1.jpg","datePublished":"2018-10-17T06:45:40+00:00","dateModified":"2024-04-23T14:09:25+00:00","breadcrumb":{"@id":"https:\/\/www.ceab.csic.es\/es\/personal\/marco-mendez-candela\/#breadcrumb"},"inLanguage":"es","potentialAction":[{"@type":"ReadAction","target":["https:\/\/www.ceab.csic.es\/es\/personal\/marco-mendez-candela\/"]}]},{"@type":"ImageObject","inLanguage":"es","@id":"https:\/\/www.ceab.csic.es\/es\/personal\/marco-mendez-candela\/#primaryimage","url":"https:\/\/www.ceab.csic.es\/wp-content\/uploads\/2024\/04\/Marco-320x320-1.jpg","contentUrl":"https:\/\/www.ceab.csic.es\/wp-content\/uploads\/2024\/04\/Marco-320x320-1.jpg","width":320,"height":320},{"@type":"BreadcrumbList","@id":"https:\/\/www.ceab.csic.es\/es\/personal\/marco-mendez-candela\/#breadcrumb","itemListElement":[{"@type":"ListItem","position":1,"name":"Inici","item":"https:\/\/www.ceab.csic.es\/es\/"},{"@type":"ListItem","position":2,"name":"Candela Marco-M\u00e9ndez"}]},{"@type":"WebSite","@id":"https:\/\/www.ceab.csic.es\/es\/#website","url":"https:\/\/www.ceab.csic.es\/es\/","name":"CEAB","description":"Centre Estudis Avan\u00e7ats de Blanes","alternateName":"CEAB","potentialAction":[{"@type":"SearchAction","target":{"@type":"EntryPoint","urlTemplate":"https:\/\/www.ceab.csic.es\/es\/?s={search_term_string}"},"query-input":{"@type":"PropertyValueSpecification","valueRequired":true,"valueName":"search_term_string"}}],"inLanguage":"es"}]}},"_links":{"self":[{"href":"https:\/\/www.ceab.csic.es\/es\/wp-json\/wp\/v2\/personal\/9825","targetHints":{"allow":["GET"]}}],"collection":[{"href":"https:\/\/www.ceab.csic.es\/es\/wp-json\/wp\/v2\/personal"}],"about":[{"href":"https:\/\/www.ceab.csic.es\/es\/wp-json\/wp\/v2\/types\/personal"}],"wp:featuredmedia":[{"embeddable":true,"href":"https:\/\/www.ceab.csic.es\/es\/wp-json\/wp\/v2\/media\/7673"}],"wp:attachment":[{"href":"https:\/\/www.ceab.csic.es\/es\/wp-json\/wp\/v2\/media?parent=9825"}],"wp:term":[{"taxonomy":"departament","embeddable":true,"href":"https:\/\/www.ceab.csic.es\/es\/wp-json\/wp\/v2\/departament?post=9825"},{"taxonomy":"grup-de-recerca","embeddable":true,"href":"https:\/\/www.ceab.csic.es\/es\/wp-json\/wp\/v2\/grup-de-recerca?post=9825"},{"taxonomy":"tipus-de-personal","embeddable":true,"href":"https:\/\/www.ceab.csic.es\/es\/wp-json\/wp\/v2\/tipus-de-personal?post=9825"}],"curies":[{"name":"wp","href":"https:\/\/api.w.org\/{rel}","templated":true}]}}